{"id":27948,"date":"2026-04-15T13:45:14","date_gmt":"2026-04-15T11:45:14","guid":{"rendered":"https:\/\/expressionumea.se\/?post_type=event&#038;p=27948"},"modified":"2026-04-22T11:19:13","modified_gmt":"2026-04-22T09:19:13","slug":"workshop-on-intellectual-property-rights-ipr","status":"publish","type":"event","link":"https:\/\/expressionumea.se\/en\/event\/workshop-immateriella-rattigheter-ipr\/","title":{"rendered":"Workshop: Intellectual Property Rights (IPR)"},"content":{"rendered":"<p><strong>Creating something new is hard enough - but protecting what you've created can feel like a jungle. Learn the basics of IPR with Johan Nordlund.<\/strong><\/p>\n\n\n\n<h2 class=\"wp-block-heading\">We will work with.<\/h2>\n\n\n\n<ul class=\"wp-block-list\">\n<li>What intangible assets are and why they are important<\/li>\n\n\n\n<li>The difference between copyright, trade mark, design protection and patents<\/li>\n\n\n\n<li>How to protect your idea - from market verification to contract<\/li>\n\n\n\n<li>Strategic use of IP in business development<\/li>\n\n\n\n<li>Basic types of agreements and their purposes (NDA, co-operation agreement, transfer agreement, etc.)<\/li>\n<\/ul>\n\n\n\n<p>This workshop will give you the basics you need to build sustainable protection around what you create - whether it's music, technology, design or research.<\/p>\n\n\n\n<h2 class=\"wp-block-heading\"><br>Why should you participate?<\/h2>\n\n\n\n<p>What intangible assets are and why they are important<\/p>\n\n\n\n<ul class=\"wp-block-list\">\n<li>The difference between copyright, trade mark, design protection and patents<\/li>\n\n\n\n<li>How to protect your idea - from market verification to contract<\/li>\n\n\n\n<li>Strategic use of IP in business development<\/li>\n\n\n\n<li>Basic types of agreements and their purposes (NDA, co-operation agreement, transfer agreement, etc.)<\/li>\n<\/ul>\n\n\n\n<p>This workshop will give you the basics you need to build sustainable protection around what you create - whether it's music, technology, design or research.<\/p>\n\n\n\n<h2 class=\"wp-block-heading\"><br>Info about the workshop<\/h2>\n\n\n\n<p><strong>When: <\/strong>10 June, 09.00-12.00<br><strong>Var:<\/strong> Workshop room, eXpression Ume\u00e5<br><strong>Requirements:<\/strong> Membership of the incubator<br><strong>For whom<\/strong>: For all participants in the incubator<br><br><strong>Not a member?<\/strong> <a href=\"https:\/\/expressionumea.se\/en\/program-2\/\">Apply here!<\/a><br><br><strong>Registration:<\/strong> Contact your business coach<\/p>\n\n\n\n<p><\/p>","protected":false},"featured_media":27938,"template":"","meta":{"footnotes":""},"eventkategorier":[],"class_list":["post-27948","event","type-event","status-publish","has-post-thumbnail","hentry","search-category-event"],"yoast_head":"<!-- This site is optimized with the Yoast SEO plugin v27.2 - https:\/\/yoast.com\/product\/yoast-seo-wordpress\/ -->\n<title>Workshop: Immateriella R\u00e4ttigheter (IPR) - eXpression Ume\u00e5<\/title>\n<meta name=\"robots\" content=\"index, follow, max-snippet:-1, max-image-preview:large, max-video-preview:-1\" \/>\n<link rel=\"canonical\" href=\"https:\/\/expressionumea.se\/en\/event\/workshop-on-intellectual-property-rights-ipr\/\" \/>\n<meta property=\"og:locale\" content=\"en_GB\" \/>\n<meta property=\"og:type\" content=\"article\" \/>\n<meta property=\"og:title\" content=\"Workshop: Immateriella R\u00e4ttigheter (IPR) - eXpression Ume\u00e5\" \/>\n<meta property=\"og:description\" content=\"Att skapa n\u00e5got nytt \u00e4r sv\u00e5rt nog \u2013 men att skydda det du skapat kan k\u00e4nnas som en djungel. L\u00e4r dig grunderna i IPR med Johan Nordlund. Vi kommer jobba med:\u200b Den h\u00e4r workshopen ger dig grunderna du beh\u00f6ver f\u00f6r att bygga ett h\u00e5llbart skydd kring det du skapar \u2013 oavsett om det \u00e4r musik, [&hellip;]\" \/>\n<meta property=\"og:url\" content=\"https:\/\/expressionumea.se\/en\/event\/workshop-on-intellectual-property-rights-ipr\/\" \/>\n<meta property=\"og:site_name\" content=\"eXpression Ume\u00e5\" \/>\n<meta property=\"article:modified_time\" content=\"2026-04-22T09:19:13+00:00\" \/>\n<meta property=\"og:image\" content=\"https:\/\/expressionumea.se\/wp-content\/uploads\/2026\/03\/Din-stycketext-7.jpg\" \/>\n\t<meta property=\"og:image:width\" content=\"1920\" \/>\n\t<meta property=\"og:image:height\" content=\"1080\" \/>\n\t<meta property=\"og:image:type\" content=\"image\/jpeg\" \/>\n<meta name=\"twitter:card\" content=\"summary_large_image\" \/>\n<meta name=\"twitter:label1\" content=\"Estimated reading time\" \/>\n\t<meta name=\"twitter:data1\" content=\"2 minutes\" \/>\n<script type=\"application\/ld+json\" class=\"yoast-schema-graph\">{\"@context\":\"https:\/\/schema.org\",\"@graph\":[{\"@type\":\"WebPage\",\"@id\":\"https:\/\/expressionumea.se\/event\/workshop-immateriella-rattigheter-ipr\/\",\"url\":\"https:\/\/expressionumea.se\/event\/workshop-immateriella-rattigheter-ipr\/\",\"name\":\"Workshop: Immateriella R\u00e4ttigheter (IPR) - eXpression Ume\u00e5\",\"isPartOf\":{\"@id\":\"https:\/\/expressionumea.se\/#website\"},\"primaryImageOfPage\":{\"@id\":\"https:\/\/expressionumea.se\/event\/workshop-immateriella-rattigheter-ipr\/#primaryimage\"},\"image\":{\"@id\":\"https:\/\/expressionumea.se\/event\/workshop-immateriella-rattigheter-ipr\/#primaryimage\"},\"thumbnailUrl\":\"https:\/\/expressionumea.se\/wp-content\/uploads\/2026\/03\/Din-stycketext-7.jpg\",\"datePublished\":\"2026-04-15T11:45:14+00:00\",\"dateModified\":\"2026-04-22T09:19:13+00:00\",\"breadcrumb\":{\"@id\":\"https:\/\/expressionumea.se\/event\/workshop-immateriella-rattigheter-ipr\/#breadcrumb\"},\"inLanguage\":\"en-GB\",\"potentialAction\":[{\"@type\":\"ReadAction\",\"target\":[\"https:\/\/expressionumea.se\/event\/workshop-immateriella-rattigheter-ipr\/\"]}]},{\"@type\":\"ImageObject\",\"inLanguage\":\"en-GB\",\"@id\":\"https:\/\/expressionumea.se\/event\/workshop-immateriella-rattigheter-ipr\/#primaryimage\",\"url\":\"https:\/\/expressionumea.se\/wp-content\/uploads\/2026\/03\/Din-stycketext-7.jpg\",\"contentUrl\":\"https:\/\/expressionumea.se\/wp-content\/uploads\/2026\/03\/Din-stycketext-7.jpg\",\"width\":1920,\"height\":1080},{\"@type\":\"BreadcrumbList\",\"@id\":\"https:\/\/expressionumea.se\/event\/workshop-immateriella-rattigheter-ipr\/#breadcrumb\",\"itemListElement\":[{\"@type\":\"ListItem\",\"position\":1,\"name\":\"Hem\",\"item\":\"https:\/\/expressionumea.se\/\"},{\"@type\":\"ListItem\",\"position\":2,\"name\":\"Event\",\"item\":\"https:\/\/expressionumea.se\/en\/event\/\"},{\"@type\":\"ListItem\",\"position\":3,\"name\":\"Workshop: Immateriella R\u00e4ttigheter (IPR)\"}]},{\"@type\":\"WebSite\",\"@id\":\"https:\/\/expressionumea.se\/#website\",\"url\":\"https:\/\/expressionumea.se\/\",\"name\":\"eXpression Ume\u00e5\",\"description\":\"Creative minds unite\",\"publisher\":{\"@id\":\"https:\/\/expressionumea.se\/#organization\"},\"potentialAction\":[{\"@type\":\"SearchAction\",\"target\":{\"@type\":\"EntryPoint\",\"urlTemplate\":\"https:\/\/expressionumea.se\/?s={search_term_string}\"},\"query-input\":{\"@type\":\"PropertyValueSpecification\",\"valueRequired\":true,\"valueName\":\"search_term_string\"}}],\"inLanguage\":\"en-GB\"},{\"@type\":\"Organization\",\"@id\":\"https:\/\/expressionumea.se\/#organization\",\"name\":\"eXpression Ume\u00e5\",\"url\":\"https:\/\/expressionumea.se\/\",\"logo\":{\"@type\":\"ImageObject\",\"inLanguage\":\"en-GB\",\"@id\":\"https:\/\/expressionumea.se\/#\/schema\/logo\/image\/\",\"url\":\"https:\/\/expressionumea.se\/wp-content\/uploads\/2020\/06\/expression-ume-logotyp.png\",\"contentUrl\":\"https:\/\/expressionumea.se\/wp-content\/uploads\/2020\/06\/expression-ume-logotyp.png\",\"width\":375,\"height\":98,\"caption\":\"eXpression Ume\u00e5\"},\"image\":{\"@id\":\"https:\/\/expressionumea.se\/#\/schema\/logo\/image\/\"}}]}<\/script>\n<!-- \/ Yoast SEO plugin. -->","yoast_head_json":{"title":"Workshop: Intellectual Property Rights (IPR) - eXpression Ume\u00e5","robots":{"index":"index","follow":"follow","max-snippet":"max-snippet:-1","max-image-preview":"max-image-preview:large","max-video-preview":"max-video-preview:-1"},"canonical":"https:\/\/expressionumea.se\/en\/event\/workshop-on-intellectual-property-rights-ipr\/","og_locale":"en_GB","og_type":"article","og_title":"Workshop: Immateriella R\u00e4ttigheter (IPR) - eXpression Ume\u00e5","og_description":"Att skapa n\u00e5got nytt \u00e4r sv\u00e5rt nog \u2013 men att skydda det du skapat kan k\u00e4nnas som en djungel. L\u00e4r dig grunderna i IPR med Johan Nordlund. Vi kommer jobba med:\u200b Den h\u00e4r workshopen ger dig grunderna du beh\u00f6ver f\u00f6r att bygga ett h\u00e5llbart skydd kring det du skapar \u2013 oavsett om det \u00e4r musik, [&hellip;]","og_url":"https:\/\/expressionumea.se\/en\/event\/workshop-on-intellectual-property-rights-ipr\/","og_site_name":"eXpression Ume\u00e5","article_modified_time":"2026-04-22T09:19:13+00:00","og_image":[{"width":1920,"height":1080,"url":"https:\/\/expressionumea.se\/wp-content\/uploads\/2026\/03\/Din-stycketext-7.jpg","type":"image\/jpeg"}],"twitter_card":"summary_large_image","twitter_misc":{"Estimated reading time":"2 minutes"},"schema":{"@context":"https:\/\/schema.org","@graph":[{"@type":"WebPage","@id":"https:\/\/expressionumea.se\/event\/workshop-immateriella-rattigheter-ipr\/","url":"https:\/\/expressionumea.se\/event\/workshop-immateriella-rattigheter-ipr\/","name":"Workshop: Intellectual Property Rights (IPR) - eXpression Ume\u00e5","isPartOf":{"@id":"https:\/\/expressionumea.se\/#website"},"primaryImageOfPage":{"@id":"https:\/\/expressionumea.se\/event\/workshop-immateriella-rattigheter-ipr\/#primaryimage"},"image":{"@id":"https:\/\/expressionumea.se\/event\/workshop-immateriella-rattigheter-ipr\/#primaryimage"},"thumbnailUrl":"https:\/\/expressionumea.se\/wp-content\/uploads\/2026\/03\/Din-stycketext-7.jpg","datePublished":"2026-04-15T11:45:14+00:00","dateModified":"2026-04-22T09:19:13+00:00","breadcrumb":{"@id":"https:\/\/expressionumea.se\/event\/workshop-immateriella-rattigheter-ipr\/#breadcrumb"},"inLanguage":"en-GB","potentialAction":[{"@type":"ReadAction","target":["https:\/\/expressionumea.se\/event\/workshop-immateriella-rattigheter-ipr\/"]}]},{"@type":"ImageObject","inLanguage":"en-GB","@id":"https:\/\/expressionumea.se\/event\/workshop-immateriella-rattigheter-ipr\/#primaryimage","url":"https:\/\/expressionumea.se\/wp-content\/uploads\/2026\/03\/Din-stycketext-7.jpg","contentUrl":"https:\/\/expressionumea.se\/wp-content\/uploads\/2026\/03\/Din-stycketext-7.jpg","width":1920,"height":1080},{"@type":"BreadcrumbList","@id":"https:\/\/expressionumea.se\/event\/workshop-immateriella-rattigheter-ipr\/#breadcrumb","itemListElement":[{"@type":"ListItem","position":1,"name":"Hem","item":"https:\/\/expressionumea.se\/"},{"@type":"ListItem","position":2,"name":"Event","item":"https:\/\/expressionumea.se\/en\/event\/"},{"@type":"ListItem","position":3,"name":"Workshop: Immateriella R\u00e4ttigheter (IPR)"}]},{"@type":"WebSite","@id":"https:\/\/expressionumea.se\/#website","url":"https:\/\/expressionumea.se\/","name":"eXpression Ume\u00e5","description":"Creative minds unite","publisher":{"@id":"https:\/\/expressionumea.se\/#organization"},"potentialAction":[{"@type":"SearchAction","target":{"@type":"EntryPoint","urlTemplate":"https:\/\/expressionumea.se\/?s={search_term_string}"},"query-input":{"@type":"PropertyValueSpecification","valueRequired":true,"valueName":"search_term_string"}}],"inLanguage":"en-GB"},{"@type":"Organization","@id":"https:\/\/expressionumea.se\/#organization","name":"eXpression Ume\u00e5","url":"https:\/\/expressionumea.se\/","logo":{"@type":"ImageObject","inLanguage":"en-GB","@id":"https:\/\/expressionumea.se\/#\/schema\/logo\/image\/","url":"https:\/\/expressionumea.se\/wp-content\/uploads\/2020\/06\/expression-ume-logotyp.png","contentUrl":"https:\/\/expressionumea.se\/wp-content\/uploads\/2020\/06\/expression-ume-logotyp.png","width":375,"height":98,"caption":"eXpression Ume\u00e5"},"image":{"@id":"https:\/\/expressionumea.se\/#\/schema\/logo\/image\/"}}]}},"_links":{"self":[{"href":"https:\/\/expressionumea.se\/en\/wp-json\/wp\/v2\/event\/27948","targetHints":{"allow":["GET"]}}],"collection":[{"href":"https:\/\/expressionumea.se\/en\/wp-json\/wp\/v2\/event"}],"about":[{"href":"https:\/\/expressionumea.se\/en\/wp-json\/wp\/v2\/types\/event"}],"version-history":[{"count":1,"href":"https:\/\/expressionumea.se\/en\/wp-json\/wp\/v2\/event\/27948\/revisions"}],"predecessor-version":[{"id":27950,"href":"https:\/\/expressionumea.se\/en\/wp-json\/wp\/v2\/event\/27948\/revisions\/27950"}],"wp:featuredmedia":[{"embeddable":true,"href":"https:\/\/expressionumea.se\/en\/wp-json\/wp\/v2\/media\/27938"}],"wp:attachment":[{"href":"https:\/\/expressionumea.se\/en\/wp-json\/wp\/v2\/media?parent=27948"}],"wp:term":[{"taxonomy":"eventkategorier","embeddable":true,"href":"https:\/\/expressionumea.se\/en\/wp-json\/wp\/v2\/eventkategorier?post=27948"}],"curies":[{"name":"wp","href":"https:\/\/api.w.org\/{rel}","templated":true}]}}